{"version":"1.0","provider_name":"Ture de mountain biking \u00een Transilvania, Rom\u00e2nia","provider_url":"https:\/\/www.mtbtours.ro\/ro","author_name":"Horia M\u0103ru\u0219c\u0103","author_url":"https:\/\/www.mtbtours.ro\/ro\/author\/horia\/","title":"La v\u00e2n\u0103toare de c\u0103r\u0103ri - mtbtours.ro","type":"rich","width":600,"height":338,"html":"<blockquote class=\"wp-embedded-content\" data-secret=\"Oi4XSO8mdw\"><a href=\"https:\/\/www.mtbtours.ro\/ro\/recky-rides\/la-vanatoare-de-carari\/\">La v\u00e2n\u0103toare de c\u0103r\u0103ri<\/a><\/blockquote><iframe sandbox=\"allow-scripts\" security=\"restricted\" src=\"https:\/\/www.mtbtours.ro\/ro\/recky-rides\/la-vanatoare-de-carari\/embed\/#?secret=Oi4XSO8mdw\" width=\"600\" height=\"338\" title=\"&#8222;La v\u00e2n\u0103toare de c\u0103r\u0103ri&#8221; &#8211; Ture de mountain biking \u00een Transilvania, Rom\u00e2nia\" data-secret=\"Oi4XSO8mdw\" frameborder=\"0\" marginwidth=\"0\" marginheight=\"0\" scrolling=\"no\" class=\"wp-embedded-content\"><\/iframe><script type=\"text\/javascript\">\n\/* <![CDATA[ *\/\n\/*! This file is auto-generated *\/\n!function(d,l){\"use strict\";l.querySelector&&d.addEventListener&&\"undefined\"!=typeof URL&&(d.wp=d.wp||{},d.wp.receiveEmbedMessage||(d.wp.receiveEmbedMessage=function(e){var t=e.data;if((t||t.secret||t.message||t.value)&&!\/[^a-zA-Z0-9]\/.test(t.secret)){for(var s,r,n,a=l.querySelectorAll('iframe[data-secret=\"'+t.secret+'\"]'),o=l.querySelectorAll('blockquote[data-secret=\"'+t.secret+'\"]'),c=new RegExp(\"^https?:$\",\"i\"),i=0;i<o.length;i++)o[i].style.display=\"none\";for(i=0;i<a.length;i++)s=a[i],e.source===s.contentWindow&&(s.removeAttribute(\"style\"),\"height\"===t.message?(1e3<(r=parseInt(t.value,10))?r=1e3:~~r<200&&(r=200),s.height=r):\"link\"===t.message&&(r=new URL(s.getAttribute(\"src\")),n=new URL(t.value),c.test(n.protocol))&&n.host===r.host&&l.activeElement===s&&(d.top.location.href=t.value))}},d.addEventListener(\"message\",d.wp.receiveEmbedMessage,!1),l.addEventListener(\"DOMContentLoaded\",function(){for(var e,t,s=l.querySelectorAll(\"iframe.wp-embedded-content\"),r=0;r<s.length;r++)(t=(e=s[r]).getAttribute(\"data-secret\"))||(t=Math.random().toString(36).substring(2,12),e.src+=\"#?secret=\"+t,e.setAttribute(\"data-secret\",t)),e.contentWindow.postMessage({message:\"ready\",secret:t},\"*\")},!1)))}(window,document);\n\/\/# sourceURL=https:\/\/www.mtbtours.ro\/wp-includes\/js\/wp-embed.min.js\n\/* ]]> *\/\n<\/script>\n","thumbnail_url":"https:\/\/www.mtbtours.ro\/wp-content\/uploads\/ngg_featured\/img_09093.jpg","thumbnail_width":800,"thumbnail_height":533,"description":"Am avut o lun\u0103 mai foarte ploioas\u0103 \u015fi rece, au stat bicicletele frumos la garaj. De umblat am umblat, \u00eens\u0103, cu picioarele pe potecile din zona Branului, \u00een c\u0103utare de noi rute mtb. Dup\u0103 cum vede\u0163i \u00een continuare, potecile arat\u0103 bine indiferent de vreme, cu sau f\u0103r\u0103 bicicli\u015fti pe ele&#8230; Un mtb-ist german mi-a spus... Cite\u0219te mai mult &raquo;"}