{"version":"1.0","provider_name":"Ture de mountain biking \u00een Transilvania, Rom\u00e2nia","provider_url":"https:\/\/www.mtbtours.ro\/ro","author_name":"Horia M\u0103ru\u0219c\u0103","author_url":"https:\/\/www.mtbtours.ro\/ro\/author\/horia\/","title":"Platoul Bucegilor \u00een septembrie - mtbtours.ro","type":"rich","width":600,"height":338,"html":"<blockquote class=\"wp-embedded-content\" data-secret=\"TWGoKRVm7t\"><a href=\"https:\/\/www.mtbtours.ro\/ro\/recky-rides\/platoul-bucegilor-in-septembrie\/\">Platoul Bucegilor \u00een septembrie<\/a><\/blockquote><iframe sandbox=\"allow-scripts\" security=\"restricted\" src=\"https:\/\/www.mtbtours.ro\/ro\/recky-rides\/platoul-bucegilor-in-septembrie\/embed\/#?secret=TWGoKRVm7t\" width=\"600\" height=\"338\" title=\"&#8222;Platoul Bucegilor \u00een septembrie&#8221; &#8211; Ture de mountain biking \u00een Transilvania, Rom\u00e2nia\" data-secret=\"TWGoKRVm7t\" frameborder=\"0\" marginwidth=\"0\" marginheight=\"0\" scrolling=\"no\" class=\"wp-embedded-content\"><\/iframe><script type=\"text\/javascript\">\n\/* <![CDATA[ *\/\n\/*! This file is auto-generated *\/\n!function(d,l){\"use strict\";l.querySelector&&d.addEventListener&&\"undefined\"!=typeof URL&&(d.wp=d.wp||{},d.wp.receiveEmbedMessage||(d.wp.receiveEmbedMessage=function(e){var t=e.data;if((t||t.secret||t.message||t.value)&&!\/[^a-zA-Z0-9]\/.test(t.secret)){for(var s,r,n,a=l.querySelectorAll('iframe[data-secret=\"'+t.secret+'\"]'),o=l.querySelectorAll('blockquote[data-secret=\"'+t.secret+'\"]'),c=new RegExp(\"^https?:$\",\"i\"),i=0;i<o.length;i++)o[i].style.display=\"none\";for(i=0;i<a.length;i++)s=a[i],e.source===s.contentWindow&&(s.removeAttribute(\"style\"),\"height\"===t.message?(1e3<(r=parseInt(t.value,10))?r=1e3:~~r<200&&(r=200),s.height=r):\"link\"===t.message&&(r=new URL(s.getAttribute(\"src\")),n=new URL(t.value),c.test(n.protocol))&&n.host===r.host&&l.activeElement===s&&(d.top.location.href=t.value))}},d.addEventListener(\"message\",d.wp.receiveEmbedMessage,!1),l.addEventListener(\"DOMContentLoaded\",function(){for(var e,t,s=l.querySelectorAll(\"iframe.wp-embedded-content\"),r=0;r<s.length;r++)(t=(e=s[r]).getAttribute(\"data-secret\"))||(t=Math.random().toString(36).substring(2,12),e.src+=\"#?secret=\"+t,e.setAttribute(\"data-secret\",t)),e.contentWindow.postMessage({message:\"ready\",secret:t},\"*\")},!1)))}(window,document);\n\/\/# sourceURL=https:\/\/www.mtbtours.ro\/wp-includes\/js\/wp-embed.min.js\n\/* ]]> *\/\n<\/script>\n","thumbnail_url":"https:\/\/www.mtbtours.ro\/wp-content\/uploads\/ngg_featured\/img_05575.jpg","thumbnail_width":800,"thumbnail_height":533,"description":"Platoul Bucegilor, v\u00e2rful Omu, Drumul Gr\u0103nicerilor, Padina, \u015faua Strunga \u015fi cobor\u00e2re spre \u015eimon. O tur\u0103 pl\u0103nuit\u0103 de mult \u015fi la care nu prea mai speram anul acesta, dup\u0103 o var\u0103 neobi\u015fnuit de rece \u015fi ploioas\u0103. Vremea a \u0163inut cu noi, \u015fi bine a f\u0103cut, c\u0103 tare bine a fost. Prima poveste de la mtbtours.ro, publicat\u0103... Cite\u0219te mai mult &raquo;"}